{"version":"1.0","provider_name":"","provider_url":"https:\/\/culinart.cafeblog.hu","author_name":"culinart","author_url":"https:\/\/culinart.cafeblog.hu\/author\/culinart\/","title":"S\u00fclt t\u00far\u00f3s palacsinta","html":"Ha palacsinta, akkor nek\u00fcnk otthon az az alap, hogy k\u00e9sz\u00fcl egy tepsi s\u00fclt t\u00far\u00f3s palacsinta is. M\u00e9g akkor is, ha alapvet\u0151en s\u00f3s, h\u00fasos palacsint\u00e1nak s\u00fct\u00f6m a palacsint\u00e1kat. :) De am\u00fagy meg t\u00e9nyleg nincs is jobb enn\u00e9l, csak ugyanilyen j\u00f3 van! :) A frissen s\u00fclt palacsinta m\u00e9g melegen (kicsit nyelvle\u00e9get\u0151sen) meg a fah\u00e9jas (esetleg fah\u00e9jas-alm\u00e1s) palacsinta. A s\u00fclt t\u00far\u00f3ssal nekem ezek j\u00e1rnak h\u00e1rman kar\u00f6ltve az \u00e9len! :-)\r\n\r\n&nbsp;\r\n\r\n<strong>Hozz\u00e1val\u00f3k:<\/strong>\r\n\r\n18-25 megs\u00fct\u00f6tt palacsinta <a href=\"https:\/\/culinart.cafeblog.hu\/files\/2014\/04\/sult_turos_palacsinta_DSC02379.jpg\" target=\"_blank\"><img class=\"alignright size-medium wp-image-741\" alt=\"sult_turos_palacsinta_DSC02379\" src=\"https:\/\/culinart.cafeblog.hu\/files\/2014\/04\/sult_turos_palacsinta_DSC02379-300x224.jpg\" width=\"300\" height=\"224\" \/><\/a>\r\n\r\n(att\u00f3l f\u00fcgg\u0151en, hogy mennyire szorosan akarjuk pakolni)\r\n\r\n\/ a <strong>palacsinta t\u00e9szta receptje <a title=\"Palacsinta t\u00e9szta\" href=\"https:\/\/culinart.cafeblog.hu\/2014\/01\/22\/nagyi-fele-tejes-palacsinta-teszta\/\" target=\"_blank\">ITT =&gt;<\/a><\/strong> \/\r\n\r\n50 dkg t\u00far\u00f3 (j\u00f3 sok, de \u00fagy a finom! :) )\r\n\r\n4 ek. cukor\r\n\r\n2,5-3 dl tejf\u00f6l (t\u00far\u00f3 \u00e1llag\u00e1t\u00f3l is f\u00fcgg) + a tetej\u00e9re megkenni\r\n\r\nt\u00e1lal\u00e1shoz esetleg lekv\u00e1r\r\n\r\n&nbsp;\r\n\r\n<strong>Elk\u00e9sz\u00edt\u00e9se:<\/strong>\r\n\r\nA s\u00fct\u0151t 175<sup>0<\/sup>C-ra el\u0151meleg\u00edtj\u00fck. A t\u00far\u00f3t \u00f6sszekeverj\u00fck a tejf\u00f6llel \u00e9s a cukorral, majd megt\u00f6ltj\u00fck vele a palacsint\u00e1kat, \u00e9s szorosan felcsavarjuk. Egy t\u00e9gla tepsi alj\u00e1t v\u00e9konyan kiolajozzuk, \u00e9s belesorakoztatjuk a palacsint\u00e1kat. A tetej\u00e9t j\u00f3l megkenj\u00fck tejf\u00f6llel, \u00e9s m\u00e1r mehet is a s\u00fct\u0151be. Kb. 20-25 perc alatt megpir\u00edtjuk a tetej\u00e9t. Vigy\u00e1zat, picit hagyjuk h\u0171lni, mert k\u00fcl\u00f6nben meg\u00e9geti a nyelv\u00fcnket! ;) Apuk\u00e1m csak \u00fagy mag\u00e1ban eszi (ak\u00e1r f\u00e9l tepsivel is egyszerre), anyuk\u00e1m, tes\u00f3m \u00e9s \u00e9n m\u00e9g egy kis lekv\u00e1rt is esz\u00fcnk hozz\u00e1.\r\n<p style=\"text-align: center\"><a title=\"Culin'Art\" href=\"http:\/\/www.facebook.com\/culinartblog\" target=\"_blank\"><strong>Culin'Art a Facebook-on is =&gt;<a href=\"https:\/\/culinart.cafeblog.hu\/files\/2014\/04\/sult_turos_palacsinta_DSC02381.jpg\" target=\"_blank\"><img class=\"aligncenter size-medium wp-image-742\" alt=\"sult_turos_palacsinta_DSC02381\" src=\"https:\/\/culinart.cafeblog.hu\/files\/2014\/04\/sult_turos_palacsinta_DSC02381-300x224.jpg\" width=\"300\" height=\"224\" \/><\/a><\/strong><\/a><\/p>","type":"rich","thumbnail_url":"https:\/\/culinart.cafeblog.hu\/files\/2014\/04\/sult_turos_palacsinta_DSC02379-150x150.jpg","thumbnail_width":150,"thumbnail_height":150}